{"id":96,"date":"2016-11-15T12:18:32","date_gmt":"2016-11-15T12:18:32","guid":{"rendered":"http:\/\/www.zivafalkner.com\/si\/?page_id=96"},"modified":"2019-02-26T07:10:48","modified_gmt":"2019-02-26T07:10:48","slug":"rezultati","status":"publish","type":"page","link":"http:\/\/www.zivafalkner.com\/si\/rezultati\/","title":{"rendered":"Rezultati"},"content":{"rendered":"<p>[vc_row row_type=&#8221;row&#8221; use_row_as_full_screen_section=&#8221;no&#8221; type=&#8221;grid&#8221; angled_section=&#8221;no&#8221; text_align=&#8221;left&#8221; background_image_as_pattern=&#8221;without_pattern&#8221; css_animation=&#8221;&#8221; css=&#8221;.vc_custom_1479288707132{padding-top: 48px !important;}&#8221;][vc_column][vc_row_inner row_type=&#8221;row&#8221; type=&#8221;full_width&#8221; text_align=&#8221;left&#8221; css_animation=&#8221;&#8221; css=&#8221;.vc_custom_1479219002547{padding-bottom: 24px !important;}&#8221;][vc_column_inner][vc_column_text]<\/p>\n<h2>2018<\/h2>\n<p>[\/vc_column_text][\/vc_column_inner][\/vc_row_inner][vc_row_inner row_type=&#8221;row&#8221; type=&#8221;full_width&#8221; text_align=&#8221;left&#8221; css_animation=&#8221;&#8221;][vc_column_inner width=&#8221;1\/3&#8243;]<div class=\"q_image_with_text_over q_iwto_hover\"><div class=\"shader\" style = \"background-color: rgba(0,0,0,0.25)\"><\/div><div class=\"shader_hover\" style=\"background-color: rgba(0,0,0,0.6)\"><\/div><img itemprop=\"image\" src=\"http:\/\/www.zivafalkner.com\/si\/wp-content\/uploads\/sites\/3\/2019\/02\/ziva-falkner-rezultati-v-finalu-losinja-med-posameznicami.jpg\" alt=\"V finalu Lo\u0161inja med posameznicami\" \/><div class=\"text\"><table><tr><td><h3 class=\"caption no_icon\" style=\"\">V finalu Lo\u0161inja med posameznicami<\/h3><\/td><\/tr><\/table><table><tr><td><div class=\"desc\"><\/p>\n<article id=\"post-347\" class=\"post-347 post type-post status-publish format-standard has-post-thumbnail hentry category-novice\">\n<div class=\"post_content_holder\">\n<div class=\"post_text\">\n<div class=\"post_text_inner\">\n<p><strong>\u017diva Falkner<\/strong> se je na turnirju svetovne mladinske teni\u0161ke lestvice ITF na Lo\u0161inju, z odli\u010dno igro med posameznicami uvrstila vse do finala. Tu je po zelo izena\u010deni igri (5-7, 3-6) premo\u010d morala priznati Mad\u017earki <strong>Amarissi Kiari Toth<\/strong>.<\/p>\n<\/div>\n<\/div>\n<\/div>\n<\/article>\n<p><\/div><\/td><\/tr><\/table><\/div><\/div>[\/vc_column_inner][vc_column_inner width=&#8221;1\/3&#8243;]<div class=\"q_image_with_text_over q_iwto_hover\"><div class=\"shader\" style = \"background-color: rgba(0,0,0,0.25)\"><\/div><div class=\"shader_hover\" style=\"background-color: rgba(0,0,0,0.6)\"><\/div><img itemprop=\"image\" src=\"http:\/\/www.zivafalkner.com\/si\/wp-content\/uploads\/sites\/3\/2018\/07\/ziva-falkner-rezultati-bron-v-dvojicah-na-evropskem-prvenstvu-do-16-let.jpg\" alt=\"Bron v dvojicah na Evropskem prvenstvu do 16 let\" \/><div class=\"text\"><table><tr><td><h3 class=\"caption no_icon\" style=\"\">Bron v dvojicah na Evropskem prvenstvu do 16 let<\/h3><\/td><\/tr><\/table><table><tr><td><div class=\"desc\">\u017diva Falkner in Tja\u0161a Klevi\u0161ar sta na Evropskem prvenstvu, v starostni kategoriji do 16 let v Moskvi, v konkurenci dvojic osvojili bron.<\/p>\n<p>V konkurenci posameznic je \u017diva nastope kon\u010dala v osmini finala. Tu jo je s 6-2 6-1 premagala Latvijka Patricija Spaka.<\/div><\/td><\/tr><\/table><\/div><\/div>[\/vc_column_inner][vc_column_inner width=&#8221;1\/3&#8243;]<div class=\"q_image_with_text_over q_iwto_hover\"><div class=\"shader\" style = \"background-color: rgba(0,0,0,0.25)\"><\/div><div class=\"shader_hover\" style=\"background-color: rgba(0,0,0,0.6)\"><\/div><img itemprop=\"image\" src=\"http:\/\/www.zivafalkner.com\/si\/wp-content\/uploads\/sites\/3\/2018\/07\/ziva-falkner-rezultati-polfinale-in-finale-v-indiji.jpg\" alt=\"Polfinale in finale v Indiji\" \/><div class=\"text\"><table><tr><td><h3 class=\"caption no_icon\" style=\"\">Polfinale in finale v Indiji<\/h3><\/td><\/tr><\/table><table><tr><td><div class=\"desc\">\u017diva Falkner je odli\u010dno za\u010dela sezono 2018, kar je dokazala na dveh mladinskih ITF turnirjih v Indiji. Na prvem, ki je potekal Chandigarhu, se je kot nepostavljena igralka med posameznicami uvrstila v polfinale.<\/div><\/td><\/tr><\/table><\/div><\/div>[\/vc_column_inner][\/vc_row_inner][vc_row_inner row_type=&#8221;row&#8221; type=&#8221;full_width&#8221; text_align=&#8221;left&#8221; css_animation=&#8221;&#8221;][vc_column_inner width=&#8221;1\/3&#8243;]<div class=\"q_image_with_text_over q_iwto_hover\"><div class=\"shader\" style = \"background-color: rgba(0,0,0,0.25)\"><\/div><div class=\"shader_hover\" style=\"background-color: rgba(0,0,0,0.6)\"><\/div><img itemprop=\"image\" src=\"http:\/\/www.zivafalkner.com\/si\/wp-content\/uploads\/sites\/3\/2018\/07\/ziva-falkner-rezultati-v-firencah-vse-do-polfinala.jpg\" alt=\"V Firencah vse do polfinala\" \/><div class=\"text\"><table><tr><td><h3 class=\"caption no_icon\" style=\"\">V Firencah vse do polfinala<\/h3><\/td><\/tr><\/table><table><tr><td><div class=\"desc\">\u017diva Falkner je navdu\u0161ila s predstavami na mladinskem ITF turnirju 2. ranga v Firencah, kjer se je uvrstila v polfinale.<\/div><\/td><\/tr><\/table><\/div><\/div>[\/vc_column_inner][vc_column_inner width=&#8221;1\/3&#8243;][\/vc_column_inner][vc_column_inner width=&#8221;1\/3&#8243;][\/vc_column_inner][\/vc_row_inner][\/vc_column][\/vc_row][vc_row row_type=&#8221;row&#8221; use_row_as_full_screen_section=&#8221;no&#8221; type=&#8221;grid&#8221; angled_section=&#8221;no&#8221; text_align=&#8221;left&#8221; background_image_as_pattern=&#8221;without_pattern&#8221; css_animation=&#8221;&#8221; css=&#8221;.vc_custom_1479288707132{padding-top: 48px !important;}&#8221;][vc_column][vc_row_inner row_type=&#8221;row&#8221; type=&#8221;full_width&#8221; text_align=&#8221;left&#8221; css_animation=&#8221;&#8221; css=&#8221;.vc_custom_1479219002547{padding-bottom: 24px !important;}&#8221;][vc_column_inner][vc_column_text]<\/p>\n<h2>2017<\/h2>\n<p>[\/vc_column_text][\/vc_column_inner][\/vc_row_inner][vc_row_inner row_type=&#8221;row&#8221; type=&#8221;full_width&#8221; text_align=&#8221;left&#8221; css_animation=&#8221;&#8221;][vc_column_inner width=&#8221;1\/3&#8243;]<div class=\"q_image_with_text_over q_iwto_hover\"><div class=\"shader\" style = \"background-color: rgba(0,0,0,0.25)\"><\/div><div class=\"shader_hover\" style=\"background-color: rgba(0,0,0,0.6)\"><\/div><img itemprop=\"image\" src=\"http:\/\/www.zivafalkner.com\/si\/wp-content\/uploads\/sites\/3\/2017\/11\/ziva-falkner-trophies-kranj-2017.jpg\" alt=\"S finalom v Kranju do uspeha kariere\" \/><div class=\"text\"><table><tr><td><h3 class=\"caption no_icon\" style=\"\">S finalom v Kranju do uspeha kariere<\/h3><\/td><\/tr><\/table><table><tr><td><div class=\"desc\">\u017diva je osvojila 2. mesto na ITF mladinski lestvici do 18 let. Edina slovenska predstavnica v zaklju\u010dnih obra\u010dunih posami\u010dne konkurence na mladinskem ITF turnirju v Kranju.<\/div><\/td><\/tr><\/table><\/div><\/div>[\/vc_column_inner][vc_column_inner width=&#8221;1\/3&#8243;]<div class=\"q_image_with_text_over q_iwto_hover\"><div class=\"shader\" style = \"background-color: rgba(0,0,0,0.25)\"><\/div><div class=\"shader_hover\" style=\"background-color: rgba(0,0,0,0.6)\"><\/div><img itemprop=\"image\" src=\"http:\/\/www.zivafalkner.com\/si\/wp-content\/uploads\/sites\/3\/2017\/11\/ziva-falkner-trophies-olympic-festival-2017.jpg\" alt=\"Srebro na olimpijskem festivalu evropske mladine\" \/><div class=\"text\"><table><tr><td><h3 class=\"caption no_icon\" style=\"\">Srebro na olimpijskem festivalu evropske mladine<\/h3><\/td><\/tr><\/table><table><tr><td><div class=\"desc\">\u017diva Falkner in Pia Lovri\u010d sta osvojili srebro v dvojicah na olimpijskem festivalu evropske mladine v Gy\u0151r-u.<\/div><\/td><\/tr><\/table><\/div><\/div>[\/vc_column_inner][vc_column_inner width=&#8221;1\/3&#8243;]<div class=\"q_image_with_text_over q_iwto_hover\"><div class=\"shader\" style = \"background-color: rgba(0,0,0,0.25)\"><\/div><div class=\"shader_hover\" style=\"background-color: rgba(0,0,0,0.6)\"><\/div><img itemprop=\"image\" src=\"http:\/\/www.zivafalkner.com\/si\/wp-content\/uploads\/sites\/3\/2017\/11\/ziva-falkner-trophies-israel-2017.jpg\" alt=\"Zmaga v dvojicah na mladinskem ITF turnirju v Izraelu\" \/><div class=\"text\"><table><tr><td><h3 class=\"caption no_icon\" style=\"\">Zmaga v dvojicah na mladinskem ITF turnirju v Izraelu<\/h3><\/td><\/tr><\/table><table><tr><td><div class=\"desc\">\u017diva Falkner je na mladinskem ITF turnirju 5. ranga v Izraelu skupaj s Pio Lovri\u010d slavila zmago v kategoriji dvojic. V finalu sta v treh nizih s premagali Latvijki Darjo in Marijo Semenistajo.<\/div><\/td><\/tr><\/table><\/div><\/div>[\/vc_column_inner][\/vc_row_inner][\/vc_column][\/vc_row][vc_row row_type=&#8221;row&#8221; use_row_as_full_screen_section=&#8221;no&#8221; type=&#8221;grid&#8221; angled_section=&#8221;no&#8221; text_align=&#8221;left&#8221; background_image_as_pattern=&#8221;without_pattern&#8221; css_animation=&#8221;&#8221; css=&#8221;.vc_custom_1479288707132{padding-top: 48px !important;}&#8221;][vc_column][vc_row_inner row_type=&#8221;row&#8221; type=&#8221;full_width&#8221; text_align=&#8221;left&#8221; css_animation=&#8221;&#8221; css=&#8221;.vc_custom_1479219002547{padding-bottom: 24px !important;}&#8221;][vc_column_inner][vc_column_text]<\/p>\n<h2>2016<\/h2>\n<p>[\/vc_column_text][\/vc_column_inner][\/vc_row_inner][vc_row_inner row_type=&#8221;row&#8221; type=&#8221;full_width&#8221; text_align=&#8221;left&#8221; css_animation=&#8221;&#8221;][vc_column_inner width=&#8221;1\/3&#8243;]<div class=\"q_image_with_text_over q_iwto_hover\"><div class=\"shader\" style = \"background-color: rgba(0,0,0,0.25)\"><\/div><div class=\"shader_hover\" style=\"background-color: rgba(0,0,0,0.6)\"><\/div><img itemprop=\"image\" src=\"http:\/\/www.zivafalkner.com\/si\/wp-content\/uploads\/sites\/3\/2016\/11\/ziva-falkner-trophies-tennis-europe-2016.jpg\" alt=\"Na vrhu kon\u010dne evropske lestvice do 14 let v 2016\" \/><div class=\"text\"><table><tr><td><h3 class=\"caption no_icon\" style=\"\">Na vrhu kon\u010dne evropske lestvice do 14 let v 2016<\/h3><\/td><\/tr><\/table><table><tr><td><div class=\"desc\">\u017diva se je po objavi kon\u010dne mladinske lestvice Tennis Europe do 14 let za sezono 2016 uvrstila na prvo mesto te lestvice. Na sam vrh se je zavihtela skupaj z Belorusinjo Viktoriyo Kanapatskayo in Rusinjo Avelino Sayfetdinovo.<\/div><\/td><\/tr><\/table><\/div><\/div>[\/vc_column_inner][vc_column_inner width=&#8221;1\/3&#8243;]<div class=\"q_image_with_text_over q_iwto_hover\"><div class=\"shader\" style = \"background-color: rgba(0,0,0,0.25)\"><\/div><div class=\"shader_hover\" style=\"background-color: rgba(0,0,0,0.6)\"><\/div><img itemprop=\"image\" src=\"http:\/\/www.zivafalkner.com\/si\/wp-content\/uploads\/sites\/3\/2016\/11\/ziva-falkner-trophies-tennis-europe-masters-2016.jpg\" alt=\"\u010cetrta na evropskem mastersu in priznanje za fair play\" \/><div class=\"text\"><table><tr><td><h3 class=\"caption no_icon\" style=\"\">\u010cetrta na evropskem mastersu in priznanje za fair play<\/h3><\/td><\/tr><\/table><table><tr><td><div class=\"desc\">\u017diva, ki se je oktobra v Italiji kot edina Slovenka uvrstila na masters Tennis Europe v starostnih kategorijah do 14 in 16 let, je nastope v svoji kategoriji, torej do 14 let, kon\u010dala na 4. mestu. Poleg odli\u010dne uvrstitve je na turnirju prejela tudi posebno priznanje za fair play.<\/div><\/td><\/tr><\/table><\/div><\/div>[\/vc_column_inner][vc_column_inner width=&#8221;1\/3&#8243;]<div class=\"q_image_with_text_over q_iwto_hover\"><div class=\"shader\" style = \"background-color: rgba(0,0,0,0.25)\"><\/div><div class=\"shader_hover\" style=\"background-color: rgba(0,0,0,0.6)\"><\/div><img itemprop=\"image\" src=\"http:\/\/www.zivafalkner.com\/si\/wp-content\/uploads\/sites\/3\/2016\/11\/ziva-falkner-trophies-tennis-europe-plzen-2016.jpg\" alt=\"Med najbolj\u0161imi na evropskem prvenstvu\" \/><div class=\"text\"><table><tr><td><h3 class=\"caption no_icon\" style=\"\">Med najbolj\u0161imi na evropskem prvenstvu<\/h3><\/td><\/tr><\/table><table><tr><td><div class=\"desc\">Na evropskem mladinskem posami\u010dnem prvenstvu do 14 let, ki je julija potekalo v Plznu na \u010ce\u0161kem, je \u017diva v igri dvojic skupaj s Pio Lovri\u010d iz Slovenije osvojila tretje mesto, med posameznicami pa se je \u017diva uvrstila med prvih pet igralk tega pomembnega mednarodnega turnirja.<\/div><\/td><\/tr><\/table><\/div><\/div>[\/vc_column_inner][\/vc_row_inner][vc_row_inner row_type=&#8221;row&#8221; type=&#8221;full_width&#8221; text_align=&#8221;left&#8221; css_animation=&#8221;&#8221;][vc_column_inner width=&#8221;1\/3&#8243;]<div class=\"q_image_with_text_over q_iwto_hover\"><div class=\"shader\" style = \"background-color: rgba(0,0,0,0.25)\"><\/div><div class=\"shader_hover\" style=\"background-color: rgba(0,0,0,0.6)\"><\/div><img itemprop=\"image\" src=\"http:\/\/www.zivafalkner.com\/si\/wp-content\/uploads\/sites\/3\/2016\/11\/ziva-falkner-trophies-tennis-europe-paris-2016.jpg\" alt=\"Tretja na presti\u017enem turnirju v Parizu\" \/><div class=\"text\"><table><tr><td><h3 class=\"caption no_icon\" style=\"\">Tretja na presti\u017enem turnirju v Parizu<\/h3><\/td><\/tr><\/table><table><tr><td><div class=\"desc\">Na presti\u017enem mednarodnem turnirju Tennis Europe prvega ranga, BNP PARIBAS Cup, ki je julija potekal v Parizu, se je \u017diva v igri posameznic uvrstila na tretje mesto. V polfinalni tekmi je bila od \u017dive mo\u010dnej\u0161a prva nosilka turnirja Kitajka Qinwen Zeng.<\/div><\/td><\/tr><\/table><\/div><\/div>[\/vc_column_inner][vc_column_inner width=&#8221;1\/3&#8243;]<div class=\"q_image_with_text_over q_iwto_hover\"><div class=\"shader\" style = \"background-color: rgba(0,0,0,0.25)\"><\/div><div class=\"shader_hover\" style=\"background-color: rgba(0,0,0,0.6)\"><\/div><img itemprop=\"image\" src=\"http:\/\/www.zivafalkner.com\/si\/wp-content\/uploads\/sites\/3\/2016\/11\/ziva-falkner-trophies-tennis-europe-piestany-2016.jpg\" alt=\"Zmagovalka turnirja 1. ranga na Slova\u0161kem \" \/><div class=\"text\"><table><tr><td><h3 class=\"caption no_icon\" style=\"\">Zmagovalka turnirja 1. ranga na Slova\u0161kem <\/h3><\/td><\/tr><\/table><table><tr><td><div class=\"desc\">Na turnirju Tennis Europe prvega ranga do 14 let, ki je maja potekal v Piestanyju na Slova\u0161kem, se je \u017diva pomerila s \u0161estimi mo\u010dnimi igralkami, med katerimi je bila tudi prva nosilka turnirja, Slovakinja Romana Cisovska, ki jo je \u017diva v finalni tekmi premagala v treh setih. V dvojicah sta z Latvijko Kamilo Bartone osvojili drugo mesto.<\/div><\/td><\/tr><\/table><\/div><\/div>[\/vc_column_inner][vc_column_inner width=&#8221;1\/3&#8243;]<div class=\"q_image_with_text_over q_iwto_hover\"><div class=\"shader\" style = \"background-color: rgba(0,0,0,0.25)\"><\/div><div class=\"shader_hover\" style=\"background-color: rgba(0,0,0,0.6)\"><\/div><img itemprop=\"image\" src=\"http:\/\/www.zivafalkner.com\/si\/wp-content\/uploads\/sites\/3\/2016\/11\/ziva-falkner-trophies-tennis-europe-rakovnik-2016.jpg\" alt=\"Na \u010de\u0161kem dvakrat drugo mesto\" \/><div class=\"text\"><table><tr><td><h3 class=\"caption no_icon\" style=\"\">Na \u010de\u0161kem dvakrat drugo mesto<\/h3><\/td><\/tr><\/table><table><tr><td><div class=\"desc\">Na mednarodnem turnirju Tennis Europe prvega ranga, ki je maja potekal v Rakovniku na \u010ce\u0161kem, je \u017diva v kategoriji deklet do 14 let osvojila dve drugi mesti \u2013 med posameznicami se je v finalu pomerila z Britanko Holly Fisher, v igri dvojic pa je tudi tokrat igrala skupaj s Pio Lovri\u010d iz Slovenije.<\/div><\/td><\/tr><\/table><\/div><\/div>[\/vc_column_inner][\/vc_row_inner][vc_row_inner row_type=&#8221;row&#8221; type=&#8221;full_width&#8221; text_align=&#8221;left&#8221; css_animation=&#8221;&#8221;][vc_column_inner width=&#8221;1\/3&#8243;]<div class=\"q_image_with_text_over q_iwto_hover\"><div class=\"shader\" style = \"background-color: rgba(0,0,0,0.25)\"><\/div><div class=\"shader_hover\" style=\"background-color: rgba(0,0,0,0.6)\"><\/div><img itemprop=\"image\" src=\"http:\/\/www.zivafalkner.com\/si\/wp-content\/uploads\/sites\/3\/2016\/11\/ziva-falkner-trophies-tennis-europe-porto-2016.jpg\" alt=\"Na Portugalskem zmaga v dvojicah\" \/><div class=\"text\"><table><tr><td><h3 class=\"caption no_icon\" style=\"\">Na Portugalskem zmaga v dvojicah<\/h3><\/td><\/tr><\/table><table><tr><td><div class=\"desc\">\u017diva se je marca udele\u017eila mednarodnega turnirja Tennis Europe prvega ranga v Portu na Portugalskem, kjer je v kategoriji deklet do 14 let skupaj s Pio Lovri\u010d iz Slovenije\u00a0 slavila zmago v dvojicah, v igri posameznic pa se je \u017diva uvrstila v \u010detrtfinale.<\/div><\/td><\/tr><\/table><\/div><\/div>[\/vc_column_inner][vc_column_inner width=&#8221;1\/3&#8243;]<div class=\"q_image_with_text_over q_iwto_hover\"><div class=\"shader\" style = \"background-color: rgba(0,0,0,0.25)\"><\/div><div class=\"shader_hover\" style=\"background-color: rgba(0,0,0,0.6)\"><\/div><img itemprop=\"image\" src=\"http:\/\/www.zivafalkner.com\/si\/wp-content\/uploads\/sites\/3\/2016\/11\/ziva-falkner-trophies-drzavno-prvenstvo-2016.jpg\" alt=\"Dvakratna dr\u017eavna prvakinja do 14 let\" \/><div class=\"text\"><table><tr><td><h3 class=\"caption no_icon\" style=\"\">Dvakratna dr\u017eavna prvakinja do 14 let<\/h3><\/td><\/tr><\/table><table><tr><td><div class=\"desc\">Na dvoranskem dr\u017eavnem prvenstvu, ki je januarja potekalo na Oto\u010dcu, je \u017diva v kategoriji deklet do 14 let osvojila prvo mesto med posameznicami, zmago pa je skupaj s Pio Lovri\u010d (TK Dom\u017eale) slavila tudi v dvojicah.<\/div><\/td><\/tr><\/table><\/div><\/div>[\/vc_column_inner][vc_column_inner width=&#8221;1\/3&#8243;][\/vc_column_inner][\/vc_row_inner][\/vc_column][\/vc_row][vc_row row_type=&#8221;row&#8221; use_row_as_full_screen_section=&#8221;no&#8221; type=&#8221;grid&#8221; angled_section=&#8221;no&#8221; text_align=&#8221;left&#8221; background_image_as_pattern=&#8221;without_pattern&#8221; css_animation=&#8221;&#8221; css=&#8221;.vc_custom_1479288727247{padding-top: 48px !important;}&#8221;][vc_column][vc_row_inner row_type=&#8221;row&#8221; type=&#8221;full_width&#8221; text_align=&#8221;left&#8221; css_animation=&#8221;&#8221; css=&#8221;.vc_custom_1479219002547{padding-bottom: 24px !important;}&#8221;][vc_column_inner][vc_column_text]<\/p>\n<h2>2015<\/h2>\n<p>[\/vc_column_text][\/vc_column_inner][\/vc_row_inner][vc_row_inner row_type=&#8221;row&#8221; type=&#8221;full_width&#8221; text_align=&#8221;left&#8221; css_animation=&#8221;&#8221;][vc_column_inner width=&#8221;1\/3&#8243;]<div class=\"q_image_with_text_over q_iwto_hover\"><div class=\"shader\" style = \"background-color: rgba(0,0,0,0.25)\"><\/div><div class=\"shader_hover\" style=\"background-color: rgba(0,0,0,0.6)\"><\/div><img itemprop=\"image\" src=\"http:\/\/www.zivafalkner.com\/si\/wp-content\/uploads\/sites\/3\/2016\/11\/ziva-falkner-trophies-maribor-2015.jpg\" alt=\"Zmaga tudi v Mariboru\" \/><div class=\"text\"><table><tr><td><h3 class=\"caption no_icon\" style=\"\">Zmaga tudi v Mariboru<\/h3><\/td><\/tr><\/table><table><tr><td><div class=\"desc\">\u017diva je na mednarodnem turnirju Tennis Europe Grawe, ki je maja potekal v Mariboru, vnovi\u010d prikazala kakovostno teni\u0161ko igro in suvereno zmagala v igri posameznic.<\/div><\/td><\/tr><\/table><\/div><\/div>[\/vc_column_inner][vc_column_inner width=&#8221;1\/3&#8243;]<div class=\"q_image_with_text_over q_iwto_hover\"><div class=\"shader\" style = \"background-color: rgba(0,0,0,0.25)\"><\/div><div class=\"shader_hover\" style=\"background-color: rgba(0,0,0,0.6)\"><\/div><img itemprop=\"image\" src=\"http:\/\/www.zivafalkner.com\/si\/wp-content\/uploads\/sites\/3\/2016\/11\/ziva-falkner-trophies-zagreb-2015.jpg\" alt=\"Zmagovalka v Zagrebu\" \/><div class=\"text\"><table><tr><td><h3 class=\"caption no_icon\" style=\"\">Zmagovalka v Zagrebu<\/h3><\/td><\/tr><\/table><table><tr><td><div class=\"desc\">\u017diva je slavila izjemno zmago v kategoriji posameznic na mednarodnem turnirju Tennis Europe do 14 let &#8211; Grill Open v Zagrebu. Omejeni turnir velja za tekmovalno enega najmo\u010dnej\u0161ih mednarodnih turnirjev v \u0161ir\u0161i regiji.<\/div><\/td><\/tr><\/table><\/div><\/div>[\/vc_column_inner][vc_column_inner width=&#8221;1\/3&#8243;]<div class=\"q_image_with_text_over q_iwto_hover\"><div class=\"shader\" style = \"background-color: rgba(0,0,0,0.25)\"><\/div><div class=\"shader_hover\" style=\"background-color: rgba(0,0,0,0.6)\"><\/div><img itemprop=\"image\" src=\"http:\/\/www.zivafalkner.com\/si\/wp-content\/uploads\/sites\/3\/2016\/11\/ziva-falkner-trophies-tennis-europe-oetwill-2015.jpg\" alt=\"V \u0160vici zmaga v dvojicah\" \/><div class=\"text\"><table><tr><td><h3 class=\"caption no_icon\" style=\"\">V \u0160vici zmaga v dvojicah<\/h3><\/td><\/tr><\/table><table><tr><td><div class=\"desc\">\u017diva je mednarodnem turnirju Tennis Europe do 14 let, ki je potekal v Oetwill an See v \u0160vici, v kategoriji dvojic zmagala skupaj s Helene Pellicano iz Malte, med posameznicami pa se je uvrstila med prvih osem igralk turnirja.<\/div><\/td><\/tr><\/table><\/div><\/div>[\/vc_column_inner][\/vc_row_inner][vc_row_inner row_type=&#8221;row&#8221; type=&#8221;full_width&#8221; text_align=&#8221;left&#8221; css_animation=&#8221;&#8221;][vc_column_inner width=&#8221;1\/3&#8243;]<div class=\"q_image_with_text_over q_iwto_hover\"><div class=\"shader\" style = \"background-color: rgba(0,0,0,0.25)\"><\/div><div class=\"shader_hover\" style=\"background-color: rgba(0,0,0,0.6)\"><\/div><img itemprop=\"image\" src=\"http:\/\/www.zivafalkner.com\/si\/wp-content\/uploads\/sites\/3\/2016\/11\/ziva-falkner-trophies-drzavno-prvenstvo-2015.jpg\" alt=\"Dr\u017eavna prvakinja in podprvakinja do 14 let\" \/><div class=\"text\"><table><tr><td><h3 class=\"caption no_icon\" style=\"\">Dr\u017eavna prvakinja in podprvakinja do 14 let<\/h3><\/td><\/tr><\/table><table><tr><td><div class=\"desc\">\u017diva si je na dr\u017eavnem prvenstvu v kategoriji deklet do 14 let med posameznicami priborila mesto podprvakinje, v dvojicah pa je postala dr\u017eavna prvakinja. Rezultati so toliko bolj zgovorni ob dejstvu, da je \u017diva z letom 2015 vstopni letnik v kategoriji in je na dr\u017eavni ravni posegla po najvi\u0161jih mestih.<\/div><\/td><\/tr><\/table><\/div><\/div>[\/vc_column_inner][vc_column_inner width=&#8221;1\/3&#8243;]<div class=\"q_image_with_text_over q_iwto_hover\"><div class=\"shader\" style = \"background-color: rgba(0,0,0,0.25)\"><\/div><div class=\"shader_hover\" style=\"background-color: rgba(0,0,0,0.6)\"><\/div><img itemprop=\"image\" src=\"http:\/\/www.zivafalkner.com\/si\/wp-content\/uploads\/sites\/3\/2016\/11\/ziva-falkner-trophies-tennis-europe-beograd-2015.jpg\" alt=\"V Beogradu zmagovalka v dvojicah\" \/><div class=\"text\"><table><tr><td><h3 class=\"caption no_icon\" style=\"\">V Beogradu zmagovalka v dvojicah<\/h3><\/td><\/tr><\/table><table><tr><td><div class=\"desc\">Vodilni igralki na lestvici Teni\u0161ke zveze Slovenije v starostni kategoriji do 14 let \u017diva Falkner in Pia Lovri\u010d sta na mednarodnem turnirju Tennis Europe do 14 let v Beogradu v konkurenci dvojic suvereno zmagali. V finalu sta premagali prvi nosilki turnirja, Turkinji Zeynep Erman in Betino Tokac.<\/div><\/td><\/tr><\/table><\/div><\/div>[\/vc_column_inner][vc_column_inner width=&#8221;1\/3&#8243;][\/vc_column_inner][\/vc_row_inner][\/vc_column][\/vc_row][vc_row row_type=&#8221;row&#8221; use_row_as_full_screen_section=&#8221;no&#8221; type=&#8221;grid&#8221; angled_section=&#8221;no&#8221; text_align=&#8221;left&#8221; background_image_as_pattern=&#8221;without_pattern&#8221; css_animation=&#8221;&#8221; css=&#8221;.vc_custom_1479288727247{padding-top: 48px !important;}&#8221;][vc_column][vc_row_inner row_type=&#8221;row&#8221; type=&#8221;full_width&#8221; text_align=&#8221;left&#8221; css_animation=&#8221;&#8221; css=&#8221;.vc_custom_1479219002547{padding-bottom: 24px !important;}&#8221;][vc_column_inner][vc_column_text]<\/p>\n<h2>2014<\/h2>\n<p>[\/vc_column_text][\/vc_column_inner][\/vc_row_inner][vc_row_inner row_type=&#8221;row&#8221; type=&#8221;full_width&#8221; text_align=&#8221;left&#8221; css_animation=&#8221;&#8221;][vc_column_inner width=&#8221;1\/3&#8243;]<div class=\"q_image_with_text_over q_iwto_hover\"><div class=\"shader\" style = \"background-color: rgba(0,0,0,0.25)\"><\/div><div class=\"shader_hover\" style=\"background-color: rgba(0,0,0,0.6)\"><\/div><img itemprop=\"image\" src=\"http:\/\/www.zivafalkner.com\/si\/wp-content\/uploads\/sites\/3\/2016\/11\/ziva-falkner-trophies-masters-2014.jpg\" alt=\"Zmagovalka mastersa do 12 let\" \/><div class=\"text\"><table><tr><td><h3 class=\"caption no_icon\" style=\"\">Zmagovalka mastersa do 12 let<\/h3><\/td><\/tr><\/table><table><tr><td><div class=\"desc\">Izjemno uspe\u0161no leto 2014, v katerem je \u017diva osvojila kar 9 naslovov na mednarodnih turnirjih Tennis Europe, je zaklju\u010dila \u0161e z zmago na zaklju\u010dnem turnirju na Oto\u010dcu, na katerem se je pomerilo 12 najbolj\u0161ih igralk v Sloveniji v kategoriji do 12 let.<\/div><\/td><\/tr><\/table><\/div><\/div>[\/vc_column_inner][vc_column_inner width=&#8221;1\/3&#8243;]<div class=\"q_image_with_text_over q_iwto_hover\"><div class=\"shader\" style = \"background-color: rgba(0,0,0,0.25)\"><\/div><div class=\"shader_hover\" style=\"background-color: rgba(0,0,0,0.6)\"><\/div><img itemprop=\"image\" src=\"http:\/\/www.zivafalkner.com\/si\/wp-content\/uploads\/sites\/3\/2016\/11\/ziva-falkner-trophies-tennis-europe-bordeaux-2014.jpg\" alt=\"Dvojna zmaga v Franciji\" \/><div class=\"text\"><table><tr><td><h3 class=\"caption no_icon\" style=\"\">Dvojna zmaga v Franciji<\/h3><\/td><\/tr><\/table><table><tr><td><div class=\"desc\">\u017diva je dvojno zmago slavila tudi na mednarodnem turnirju Tennis Europe do 12 let v Bordeauxu v Franciji. V igri dvojic sta zmagali skupaj z obetavno malte\u017eanko Helene Pellicano, v igri posameznic pa je \u017diva premagala takrat prvo francosko igralko do 12 let Cecile Morin.<\/div><\/td><\/tr><\/table><\/div><\/div>[\/vc_column_inner][vc_column_inner width=&#8221;1\/3&#8243;]<div class=\"q_image_with_text_over q_iwto_hover\"><div class=\"shader\" style = \"background-color: rgba(0,0,0,0.25)\"><\/div><div class=\"shader_hover\" style=\"background-color: rgba(0,0,0,0.6)\"><\/div><img itemprop=\"image\" src=\"http:\/\/www.zivafalkner.com\/si\/wp-content\/uploads\/sites\/3\/2016\/11\/ziva-falkner-trophies-tennis-europe-koper-2014.jpg\" alt=\"Prvi\u010d dvojna mednarodna zmaga\" \/><div class=\"text\"><table><tr><td><h3 class=\"caption no_icon\" style=\"\">Prvi\u010d dvojna mednarodna zmaga<\/h3><\/td><\/tr><\/table><table><tr><td><div class=\"desc\">V letu 2014 je \u017diva osvojila tudi prvo dvojno mednarodno zmago, tako v igri posameznic kot v dvojicah. Na mednarodnem turnirju Tennis Europe v Kopru se je dvojnega uspeha veselil tudi \u017divin trener Gordan Jankovi\u0107.<\/div><\/td><\/tr><\/table><\/div><\/div>[\/vc_column_inner][\/vc_row_inner][vc_row_inner row_type=&#8221;row&#8221; type=&#8221;full_width&#8221; text_align=&#8221;left&#8221; css_animation=&#8221;&#8221;][vc_column_inner width=&#8221;1\/3&#8243;]<div class=\"q_image_with_text_over q_iwto_hover\"><div class=\"shader\" style = \"background-color: rgba(0,0,0,0.25)\"><\/div><div class=\"shader_hover\" style=\"background-color: rgba(0,0,0,0.6)\"><\/div><img itemprop=\"image\" src=\"http:\/\/www.zivafalkner.com\/si\/wp-content\/uploads\/sites\/3\/2016\/11\/ziva-falkner-trophies-tennis-europe-cakovec-2014.jpg\" alt=\"Prva mednarodna zmaga \" \/><div class=\"text\"><table><tr><td><h3 class=\"caption no_icon\" style=\"\">Prva mednarodna zmaga <\/h3><\/td><\/tr><\/table><table><tr><td><div class=\"desc\">Svoj prvi mednarodni naslov Tennis Europe do 12 let je \u017diva osvojila pri enajstih letih z zmago na mednarodnem turnirju, ki je potekal v \u010cakovcu na Hrva\u0161kem. V finalni tekmi je premagala izjemno obetavno hrva\u0161ko igralko Noo Krznari\u0107.<\/div><\/td><\/tr><\/table><\/div><\/div>[\/vc_column_inner][vc_column_inner width=&#8221;1\/3&#8243;][\/vc_column_inner][vc_column_inner width=&#8221;1\/3&#8243;][\/vc_column_inner][\/vc_row_inner][\/vc_column][\/vc_row][vc_row row_type=&#8221;row&#8221; use_row_as_full_screen_section=&#8221;no&#8221; type=&#8221;grid&#8221; angled_section=&#8221;no&#8221; text_align=&#8221;left&#8221; background_image_as_pattern=&#8221;without_pattern&#8221; css_animation=&#8221;&#8221; css=&#8221;.vc_custom_1479293300314{padding-top: 48px !important;padding-bottom: 48px !important;}&#8221;][vc_column][vc_row_inner row_type=&#8221;row&#8221; type=&#8221;full_width&#8221; text_align=&#8221;left&#8221; css_animation=&#8221;&#8221; css=&#8221;.vc_custom_1479219002547{padding-bottom: 24px !important;}&#8221;][vc_column_inner][vc_column_text]<\/p>\n<h2>2013<\/h2>\n<p>[\/vc_column_text][\/vc_column_inner][\/vc_row_inner][vc_row_inner row_type=&#8221;row&#8221; type=&#8221;full_width&#8221; text_align=&#8221;left&#8221; css_animation=&#8221;&#8221;][vc_column_inner width=&#8221;1\/3&#8243;]<div class=\"q_image_with_text_over q_iwto_hover\"><div class=\"shader\" style = \"background-color: rgba(0,0,0,0.25)\"><\/div><div class=\"shader_hover\" style=\"background-color: rgba(0,0,0,0.6)\"><\/div><img itemprop=\"image\" src=\"http:\/\/www.zivafalkner.com\/si\/wp-content\/uploads\/sites\/3\/2016\/11\/ziva-falkner-trophies-drzavno-prvenstvo-2013.jpg\" alt=\"Dvojna dr\u017eavna prvakinja do 12 let\" \/><div class=\"text\"><table><tr><td><h3 class=\"caption no_icon\" style=\"\">Dvojna dr\u017eavna prvakinja do 12 let<\/h3><\/td><\/tr><\/table><table><tr><td><div class=\"desc\">\u017diva je kot prva deklica v Sloveniji \u017ee pri desetih letih v kategoriji deklic do 12 let osvojila svoj prvi, kar dvojni naslov dr\u017eavne prvakinje. Zmago je slavila tako v igri posameznic kot tudi v dvojicah.<\/div><\/td><\/tr><\/table><\/div><\/div>[\/vc_column_inner][vc_column_inner width=&#8221;1\/3&#8243;][\/vc_column_inner][vc_column_inner width=&#8221;1\/3&#8243;][\/vc_column_inner][\/vc_row_inner][\/vc_column][\/vc_row]<\/p>\n","protected":false},"excerpt":{"rendered":"<p>[vc_row row_type=&#8221;row&#8221; use_row_as_full_screen_section=&#8221;no&#8221; type=&#8221;grid&#8221; angled_section=&#8221;no&#8221; text_align=&#8221;left&#8221; background_image_as_pattern=&#8221;without_pattern&#8221; css_animation=&#8221;&#8221; css=&#8221;.vc_custom_1479288707132{padding-top: 48px !important;}&#8221;][vc_column][vc_row_inner row_type=&#8221;row&#8221; type=&#8221;full_width&#8221; text_align=&#8221;left&#8221; css_animation=&#8221;&#8221; css=&#8221;.vc_custom_1479219002547{padding-bottom: 24px !important;}&#8221;][vc_column_inner][vc_column_text] 2018 [\/vc_column_text][\/vc_column_inner][\/vc_row_inner][vc_row_inner row_type=&#8221;row&#8221; type=&#8221;full_width&#8221; text_align=&#8221;left&#8221; css_animation=&#8221;&#8221;][vc_column_inner width=&#8221;1\/3&#8243;][\/vc_column_inner][vc_column_inner width=&#8221;1\/3&#8243;][\/vc_column_inner][vc_column_inner width=&#8221;1\/3&#8243;][\/vc_column_inner][\/vc_row_inner][vc_row_inner row_type=&#8221;row&#8221; type=&#8221;full_width&#8221; text_align=&#8221;left&#8221; css_animation=&#8221;&#8221;][vc_column_inner width=&#8221;1\/3&#8243;][\/vc_column_inner][vc_column_inner width=&#8221;1\/3&#8243;][\/vc_column_inner][vc_column_inner width=&#8221;1\/3&#8243;][\/vc_column_inner][\/vc_row_inner][\/vc_column][\/vc_row][vc_row row_type=&#8221;row&#8221; use_row_as_full_screen_section=&#8221;no&#8221; type=&#8221;grid&#8221; angled_section=&#8221;no&#8221; text_align=&#8221;left&#8221; background_image_as_pattern=&#8221;without_pattern&#8221; css_animation=&#8221;&#8221; css=&#8221;.vc_custom_1479288707132{padding-top: 48px !important;}&#8221;][vc_column][vc_row_inner row_type=&#8221;row&#8221;&#8230;<\/p>\n","protected":false},"author":1,"featured_media":0,"parent":0,"menu_order":50,"comment_status":"closed","ping_status":"closed","template":"full_width.php","meta":[],"_links":{"self":[{"href":"http:\/\/www.zivafalkner.com\/si\/wp-json\/wp\/v2\/pages\/96"}],"collection":[{"href":"http:\/\/www.zivafalkner.com\/si\/wp-json\/wp\/v2\/pages"}],"about":[{"href":"http:\/\/www.zivafalkner.com\/si\/wp-json\/wp\/v2\/types\/page"}],"author":[{"embeddable":true,"href":"http:\/\/www.zivafalkner.com\/si\/wp-json\/wp\/v2\/users\/1"}],"replies":[{"embeddable":true,"href":"http:\/\/www.zivafalkner.com\/si\/wp-json\/wp\/v2\/comments?post=96"}],"version-history":[{"count":30,"href":"http:\/\/www.zivafalkner.com\/si\/wp-json\/wp\/v2\/pages\/96\/revisions"}],"predecessor-version":[{"id":378,"href":"http:\/\/www.zivafalkner.com\/si\/wp-json\/wp\/v2\/pages\/96\/revisions\/378"}],"wp:attachment":[{"href":"http:\/\/www.zivafalkner.com\/si\/wp-json\/wp\/v2\/media?parent=96"}],"curies":[{"name":"wp","href":"https:\/\/api.w.org\/{rel}","templated":true}]}}